{"id":121392,"date":"2024-02-29T18:32:32","date_gmt":"2024-02-29T17:32:32","guid":{"rendered":"https:\/\/www.bohinj.si\/events\/sustainable-development-of-protected-nature-areas\/"},"modified":"2025-04-17T12:08:46","modified_gmt":"2025-04-17T10:08:46","slug":"sustainable-development-of-protected-nature-areas","status":"publish","type":"page","link":"https:\/\/www.bohinj.si\/en\/events\/sustainable-development-of-protected-nature-areas\/","title":{"rendered":"Sustainable development of protected nature areas"},"content":{"rendered":"\t\t<div data-elementor-type=\"wp-page\" data-elementor-id=\"121392\" class=\"elementor elementor-121392 elementor-120643\" data-elementor-post-type=\"page\">\n\t\t\t\t\t\t<section class=\"elementor-section elementor-top-section elementor-element elementor-element-38a14bf7 teksti_primeri tekst_primer_02 elementor-section-boxed elementor-section-height-default elementor-section-height-default\" data-id=\"38a14bf7\" data-element_type=\"section\">\n\t\t\t\t\t\t<div class=\"elementor-container elementor-column-gap-default\">\n\t\t\t\t\t<div class=\"elementor-column elementor-col-100 elementor-top-column elementor-element elementor-element-2fc6b9\" data-id=\"2fc6b9\" data-element_type=\"column\">\n\t\t\t<div class=\"elementor-widget-wrap elementor-element-populated\">\n\t\t\t\t\t\t<div class=\"elementor-element elementor-element-45687d05 elementor-widget elementor-widget-text-editor\" data-id=\"45687d05\" data-element_type=\"widget\" data-widget_type=\"text-editor.default\">\n\t\t\t\t\t\t\t\t\t<p>In recent years, there has been a growing emphasis on sustainable development in all areas. The strategic orientations and documents clearly identify the need for change, which is wide-ranging and crucial. This is also the case for the development of protected natural areas, which are part of everyday life and part of the global environment.<\/p>\n<p>The interests of residents and visitors are intertwined, putting nature under pressure. The key question is how to change human attitudes towards the environment at the level of society, groups and individuals, without going to extremes, but through a persistent and gradual approach.<\/p>\n<p>New, modern ways of sustainable coexistence need to be found, taking into account the experiences and beliefs of each individual, and involving privileged leaders and change agents.<\/p>\n\t\t\t\t\t\t\t\t<\/div>\n\t\t\t\t\t<\/div>\n\t\t<\/div>\n\t\t\t\t\t<\/div>\n\t\t<\/section>\n\t\t\t\t<section class=\"elementor-section elementor-top-section elementor-element elementor-element-70a3b0d elementor-section-boxed elementor-section-height-default elementor-section-height-default\" data-id=\"70a3b0d\" data-element_type=\"section\">\n\t\t\t\t\t\t<div class=\"elementor-container elementor-column-gap-default\">\n\t\t\t\t\t<div class=\"elementor-column elementor-col-100 elementor-top-column elementor-element elementor-element-8b105fa\" data-id=\"8b105fa\" data-element_type=\"column\">\n\t\t\t<div class=\"elementor-widget-wrap elementor-element-populated\">\n\t\t\t\t\t\t<div class=\"elementor-element elementor-element-cffbc92 dce_masking-none elementor-widget elementor-widget-image\" data-id=\"cffbc92\" data-element_type=\"widget\" data-widget_type=\"image.default\">\n\t\t\t\t\t\t\t\t\t\t\t\t\t\t\t<img fetchpriority=\"high\" decoding=\"async\" width=\"768\" height=\"184\" src=\"https:\/\/www.bohinj.si\/wp-content\/uploads\/2024\/10\/p04MYOXrUUikqFzb-1-768x184.png\" class=\"attachment-medium_large size-medium_large wp-image-133963\" alt=\"\" srcset=\"https:\/\/www.bohinj.si\/wp-content\/uploads\/2024\/10\/p04MYOXrUUikqFzb-1-768x184.png 768w, https:\/\/www.bohinj.si\/wp-content\/uploads\/2024\/10\/p04MYOXrUUikqFzb-1-300x72.png 300w, https:\/\/www.bohinj.si\/wp-content\/uploads\/2024\/10\/p04MYOXrUUikqFzb-1-1024x245.png 1024w, https:\/\/www.bohinj.si\/wp-content\/uploads\/2024\/10\/p04MYOXrUUikqFzb-1-600x144.png 600w, https:\/\/www.bohinj.si\/wp-content\/uploads\/2024\/10\/p04MYOXrUUikqFzb-1-64x15.png 64w, https:\/\/www.bohinj.si\/wp-content\/uploads\/2024\/10\/p04MYOXrUUikqFzb-1.png 1371w\" sizes=\"(max-width: 768px) 100vw, 768px\" \/>\t\t\t\t\t\t\t\t\t\t\t\t\t\t\t<\/div>\n\t\t\t\t\t<\/div>\n\t\t<\/div>\n\t\t\t\t\t<\/div>\n\t\t<\/section>\n\t\t\t\t<section data-dce-background-color=\"#667B42\" class=\"elementor-section elementor-top-section elementor-element elementor-element-1bf78294 teksti_primeri tekst_primer_06 elementor-section-stretched elementor-section-boxed elementor-section-height-default elementor-section-height-default\" data-id=\"1bf78294\" data-element_type=\"section\" data-settings=\"{&quot;background_background&quot;:&quot;classic&quot;,&quot;stretch_section&quot;:&quot;section-stretched&quot;}\">\n\t\t\t\t\t\t<div class=\"elementor-container elementor-column-gap-default\">\n\t\t\t\t\t<div class=\"elementor-column elementor-col-100 elementor-top-column elementor-element elementor-element-285039f8\" data-id=\"285039f8\" data-element_type=\"column\">\n\t\t\t<div class=\"elementor-widget-wrap elementor-element-populated\">\n\t\t\t\t\t\t<div class=\"elementor-element elementor-element-7b744dc4 elementor-widget__width-inherit elementor-widget elementor-widget-heading\" data-id=\"7b744dc4\" data-element_type=\"widget\" data-widget_type=\"heading.default\">\n\t\t\t\t\t<h3 class=\"elementor-heading-title elementor-size-default\">2025 Conference<\/h3>\t\t\t\t<\/div>\n\t\t\t\t<div class=\"elementor-element elementor-element-2fd3cd34 elementor-widget__width-inherit elementor-widget elementor-widget-text-editor\" data-id=\"2fd3cd34\" data-element_type=\"widget\" data-widget_type=\"text-editor.default\">\n\t\t\t\t\t\t\t\t\t<div>This year\u2019s conference will focus on the exchange of information regarding the opportunities and challenges of strengthening local supply chains within the framework of development plans for geographically defined areas, the economic potential of indigenous and traditional plant varieties and animal breeds, and the development challenges posed by climate change.<\/div>\n\t\t\t\t\t\t\t\t<\/div>\n\t\t\t\t\t<\/div>\n\t\t<\/div>\n\t\t\t\t\t<\/div>\n\t\t<\/section>\n\t\t\t\t<section class=\"elementor-section elementor-top-section elementor-element elementor-element-253e6a8b elementor-section-boxed elementor-section-height-default elementor-section-height-default\" data-id=\"253e6a8b\" data-element_type=\"section\">\n\t\t\t\t\t\t<div class=\"elementor-container elementor-column-gap-default\">\n\t\t\t\t\t<div class=\"elementor-column elementor-col-33 elementor-top-column elementor-element elementor-element-600cad40\" data-id=\"600cad40\" data-element_type=\"column\">\n\t\t\t<div class=\"elementor-widget-wrap elementor-element-populated\">\n\t\t\t\t\t\t<div class=\"elementor-element elementor-element-47cf04b3 elementor-widget elementor-widget-text-editor\" data-id=\"47cf04b3\" data-element_type=\"widget\" data-widget_type=\"text-editor.default\">\n\t\t\t\t\t\t\t\t\t<p class=\"\" data-start=\"110\" data-end=\"355\"><strong data-start=\"124\" data-end=\"149\">The focus of the 2025 conference<\/strong> will be on showcasing <strong data-start=\"156\" data-end=\"194\">good practice examples <\/strong>and <strong data-start=\"198\" data-end=\"229\">strengthening joint activities<\/strong> aimed at <strong data-start=\"234\" data-end=\"271\">preserving biodiversity<\/strong>, as well as a<strong data-start=\"276\" data-end=\"319\">ddressing the economic and social aspects of development<\/strong> in protected natural areas in the face of <strong data-start=\"358\" data-end=\"380\" data-is-only-node=\"\">climate change challenges<\/strong>.<\/p>\n<p class=\"\" data-start=\"357\" data-end=\"736\">The conference is intended for everyone who lives and works in protected natural areas and is involved in addressing development challenges in protected and sensitive regions, strengthening the connection between local food production, craft and service activities, fostering closer links between tourism and the local environment, and for all those who see development policies as an opportunity to tackle the challenges of their surroundings.<\/p>\n\t\t\t\t\t\t\t\t<\/div>\n\t\t\t\t\t<\/div>\n\t\t<\/div>\n\t\t\t\t<div class=\"elementor-column elementor-col-66 elementor-top-column elementor-element elementor-element-104a3bc1\" data-id=\"104a3bc1\" data-element_type=\"column\">\n\t\t\t<div class=\"elementor-widget-wrap elementor-element-populated\">\n\t\t\t\t\t\t<div class=\"elementor-element elementor-element-3eea213 dce_masking-none elementor-widget elementor-widget-image\" data-id=\"3eea213\" data-element_type=\"widget\" data-widget_type=\"image.default\">\n\t\t\t\t\t\t\t\t\t\t\t\t\t\t\t\t<a href=\"#link\">\n\t\t\t\t\t\t\t<img decoding=\"async\" width=\"800\" height=\"534\" src=\"https:\/\/www.bohinj.si\/wp-content\/uploads\/2025\/04\/2024_zelenjava_Bohinj_Moma_035-1024x683.jpg\" class=\"attachment-large size-large wp-image-143038\" alt=\"\" srcset=\"https:\/\/www.bohinj.si\/wp-content\/uploads\/2025\/04\/2024_zelenjava_Bohinj_Moma_035-1024x683.jpg 1024w, https:\/\/www.bohinj.si\/wp-content\/uploads\/2025\/04\/2024_zelenjava_Bohinj_Moma_035-300x200.jpg 300w, https:\/\/www.bohinj.si\/wp-content\/uploads\/2025\/04\/2024_zelenjava_Bohinj_Moma_035-768x512.jpg 768w, https:\/\/www.bohinj.si\/wp-content\/uploads\/2025\/04\/2024_zelenjava_Bohinj_Moma_035-1536x1024.jpg 1536w, https:\/\/www.bohinj.si\/wp-content\/uploads\/2025\/04\/2024_zelenjava_Bohinj_Moma_035-500x333.jpg 500w, https:\/\/www.bohinj.si\/wp-content\/uploads\/2025\/04\/2024_zelenjava_Bohinj_Moma_035-600x400.jpg 600w, https:\/\/www.bohinj.si\/wp-content\/uploads\/2025\/04\/2024_zelenjava_Bohinj_Moma_035-64x43.jpg 64w, https:\/\/www.bohinj.si\/wp-content\/uploads\/2025\/04\/2024_zelenjava_Bohinj_Moma_035.jpg 1920w\" sizes=\"(max-width: 800px) 100vw, 800px\" \/>\t\t\t\t\t\t\t\t<\/a>\n\t\t\t\t\t\t\t\t\t\t\t\t\t\t\t<\/div>\n\t\t\t\t\t<\/div>\n\t\t<\/div>\n\t\t\t\t\t<\/div>\n\t\t<\/section>\n\t\t\t\t<section class=\"elementor-section elementor-top-section elementor-element elementor-element-251c12a elementor-section-boxed elementor-section-height-default elementor-section-height-default\" data-id=\"251c12a\" data-element_type=\"section\">\n\t\t\t\t\t\t<div class=\"elementor-container elementor-column-gap-default\">\n\t\t\t\t\t<div class=\"elementor-column elementor-col-100 elementor-top-column elementor-element elementor-element-b584ae4\" data-id=\"b584ae4\" data-element_type=\"column\">\n\t\t\t<div class=\"elementor-widget-wrap elementor-element-populated\">\n\t\t\t\t\t\t<div class=\"elementor-element elementor-element-c5fe02e elementor-widget elementor-widget-heading\" data-id=\"c5fe02e\" data-element_type=\"widget\" data-widget_type=\"heading.default\">\n\t\t\t\t\t<h2 class=\"elementor-heading-title elementor-size-default\">Programme of the 2025 Conference<\/h2>\t\t\t\t<\/div>\n\t\t\t\t\t<\/div>\n\t\t<\/div>\n\t\t\t\t\t<\/div>\n\t\t<\/section>\n\t\t\t\t<section class=\"elementor-section elementor-top-section elementor-element elementor-element-f087736 elementor-section-boxed elementor-section-height-default elementor-section-height-default\" data-id=\"f087736\" data-element_type=\"section\">\n\t\t\t\t\t\t<div class=\"elementor-container elementor-column-gap-default\">\n\t\t\t\t\t<div class=\"elementor-column elementor-col-33 elementor-top-column elementor-element elementor-element-8019b37\" data-id=\"8019b37\" data-element_type=\"column\">\n\t\t\t<div class=\"elementor-widget-wrap elementor-element-populated\">\n\t\t\t\t\t\t<div class=\"elementor-element elementor-element-8d5009e dce_masking-none elementor-widget elementor-widget-image\" data-id=\"8d5009e\" data-element_type=\"widget\" data-widget_type=\"image.default\">\n\t\t\t\t\t\t\t\t\t\t\t\t\t\t\t<img decoding=\"async\" src=\"https:\/\/www.bohinj.si\/wp-content\/uploads\/elementor\/thumbs\/2023_zelenjava_Bohinjsko_Moma_038-rl9j1thc6tme1tbweh4fbfb3um958nu1utburnnw3k.jpg\" title=\"2023_zelenjava_Bohinjsko_Moma_038\" alt=\"2023_zelenjava_Bohinjsko_Moma_038\" loading=\"lazy\" \/>\t\t\t\t\t\t\t\t\t\t\t\t\t\t\t<\/div>\n\t\t\t\t\t<\/div>\n\t\t<\/div>\n\t\t\t\t<div class=\"elementor-column elementor-col-66 elementor-top-column elementor-element elementor-element-1fc76a5\" data-id=\"1fc76a5\" data-element_type=\"column\">\n\t\t\t<div class=\"elementor-widget-wrap elementor-element-populated\">\n\t\t\t\t\t\t<div class=\"elementor-element elementor-element-b27ef78 elementor-widget elementor-widget-text-editor\" data-id=\"b27ef78\" data-element_type=\"widget\" data-widget_type=\"text-editor.default\">\n\t\t\t\t\t\t\t\t\t<p data-start=\"213\" data-end=\"328\"><strong data-start=\"213\" data-end=\"253\">Welcome address to participants and guests<br data-start=\"253\" data-end=\"256\"\/><\/strong>Klemen Langus, <i>Director, Tourism Bohinj<br data-start=\"294\" data-end=\"297\"\/><\/i>Jo\u017ee Sodja, <i>Mayor, Municipality of Bohinj<\/i><\/p>\n<p><strong data-start=\"330\" data-end=\"450\">Panel discussion: Opportunities and challenges of strengthening local food supply chains within the framework of regional integration<\/strong><\/p>\n<p class=\"\" data-start=\"452\" data-end=\"688\">The discussion will feature representatives of leading partners from approved projects under the measure <em data-start=\"543\" data-end=\"687\">Regional approach to connecting local products with a focus on organic products, as part of the Strategic Plan of the Common Agricultural Policy 2023\u20132027.<\/em><\/p>\n<p class=\"\" data-start=\"690\" data-end=\"745\"><strong data-start=\"690\" data-end=\"704\">Moderator<\/strong>: Dr. Luka Juvan\u010di\u010d, <i>Biotechnical Faculty<\/i><\/p>\n<p class=\"\" data-start=\"747\" data-end=\"951\"><strong data-start=\"747\" data-end=\"771\">Introductory presentation<\/strong>: Objectives and further activities of measure IRP-12, Ministry of Agriculture, Forestry and Food<br data-start=\"825\" data-end=\"828\"\/>Andreja Komel, <i>Head of the Sector for Structural Policy and Rural Development, Ministry of Agriculture, Forestry and Food<\/i><\/p>\n<p class=\"\" data-start=\"953\" data-end=\"1344\"><strong data-start=\"953\" data-end=\"987\">Panel discussion participants:<br data-start=\"987\" data-end=\"990\"\/><\/strong>Matej Kline, <i>Lipa Self-Sufficiency Community, trading company<br data-start=\"1055\" data-end=\"1058\"\/><\/i>Aleksandra Koprivnikar, <i>Jarina, Cooperative for Rural Development<br data-start=\"1125\" data-end=\"1128\"\/><\/i>Mitja Vodnjov, <i>Self-Sufficient Gorenjska, supply for institutions and caterers<br data-start=\"1200\" data-end=\"1203\"\/><\/i>Barbara Jerov\u0161ek Volek, <i>Institute for Culinary and Tourism \u2013 Dobrote Dolenjske<br data-start=\"1275\" data-end=\"1278\"\/><\/i>Klemen Langus, <i>Tourism Bohinj, Public Institute for the Promotion of Tourism<\/i><\/p>\n\t\t\t\t\t\t\t\t<\/div>\n\t\t\t\t\t<\/div>\n\t\t<\/div>\n\t\t\t\t\t<\/div>\n\t\t<\/section>\n\t\t\t\t<section class=\"elementor-section elementor-top-section elementor-element elementor-element-3544d84 elementor-section-boxed elementor-section-height-default elementor-section-height-default\" data-id=\"3544d84\" data-element_type=\"section\">\n\t\t\t\t\t\t<div class=\"elementor-container elementor-column-gap-default\">\n\t\t\t\t\t<div class=\"elementor-column elementor-col-33 elementor-top-column elementor-element elementor-element-919bda2\" data-id=\"919bda2\" data-element_type=\"column\">\n\t\t\t<div class=\"elementor-widget-wrap elementor-element-populated\">\n\t\t\t\t\t\t<div class=\"elementor-element elementor-element-386f742 elementor-widget elementor-widget-text-editor\" data-id=\"386f742\" data-element_type=\"widget\" data-widget_type=\"text-editor.default\">\n\t\t\t\t\t\t\t\t\t<p data-start=\"77\" data-end=\"164\"><strong data-start=\"81\" data-end=\"164\">Panel discussion: Economic potential of indigenous and traditional animal breeds<\/strong><\/p>\n<p class=\"\" data-start=\"166\" data-end=\"221\"><strong data-start=\"166\" data-end=\"180\">Moderator<\/strong>: Dr. Luka Juvan\u010di\u010d, <i>Biotechnical Faculty<\/i><\/p>\n<p class=\"\" data-start=\"223\" data-end=\"368\"><span style=\"font-weight: bold;\" data-start=\"223\" data-end=\"253\">Good practice presentation<\/span>: <span data-start=\"254\" data-end=\"314\">Programme for the preservation of the indigenous Istrian cattle breed Bo\u0161karin<br data-start=\"314\" data-end=\"317\"\/><\/span>Jasenka Kapuralin, <i>Istrian Rural Development Agency<\/i><\/p>\n<p class=\"\" data-start=\"370\" data-end=\"806\"><strong data-start=\"370\" data-end=\"404\">Panel discussion participants:<br data-start=\"404\" data-end=\"407\"\/><\/strong>Matja\u017e Hribar, <i>Head Expert, Breeding Organization for Cika Cattle<br data-start=\"474\" data-end=\"477\"\/><\/i>Davorin Koren, <i>Representative of Dre\u017enica Goat Breeders<br data-start=\"525\" data-end=\"528\"\/><\/i>Urban \u0160kander, <i>Representative of Bovec Sheep Breeders<br data-start=\"573\" data-end=\"576\"\/><\/i>Andrej Kastelic, <i>Head Expert of Breeding Organization and Secretary of the Kr\u0161kopolje Pig Breeders Association<br data-start=\"676\" data-end=\"679\"\/><\/i>Dr. Jo\u017ee Zalar, <i>Vocational College for Hospitality, Wellness and Tourism Bled<br data-start=\"753\" data-end=\"756\"\/><\/i>Grega Gardener, <i>Foksner Eatery, Rib\u010dev Laz<\/i><\/p>\n\t\t\t\t\t\t\t\t<\/div>\n\t\t\t\t\t<\/div>\n\t\t<\/div>\n\t\t\t\t<div class=\"elementor-column elementor-col-66 elementor-top-column elementor-element elementor-element-2eadaf7\" data-id=\"2eadaf7\" data-element_type=\"column\">\n\t\t\t<div class=\"elementor-widget-wrap elementor-element-populated\">\n\t\t\t\t\t\t<div class=\"elementor-element elementor-element-070def4 dce_masking-none elementor-widget elementor-widget-image\" data-id=\"070def4\" data-element_type=\"widget\" data-widget_type=\"image.default\">\n\t\t\t\t\t\t\t\t\t\t\t\t\t\t\t\t<a href=\"#link\">\n\t\t\t\t\t\t\t<img decoding=\"async\" src=\"https:\/\/www.bohinj.si\/wp-content\/uploads\/elementor\/thumbs\/Uskovnica_cika_Moma-rl9j1di5ecjshzqkoln7zaoyqz7ectyqmg108h03s0.jpg\" title=\"Uskovnica_cika_Moma\" alt=\"Uskovnica_cika_Moma\" loading=\"lazy\" \/>\t\t\t\t\t\t\t\t<\/a>\n\t\t\t\t\t\t\t\t\t\t\t\t\t\t\t<\/div>\n\t\t\t\t\t<\/div>\n\t\t<\/div>\n\t\t\t\t\t<\/div>\n\t\t<\/section>\n\t\t\t\t<section class=\"elementor-section elementor-top-section elementor-element elementor-element-3f020d3 elementor-section-boxed elementor-section-height-default elementor-section-height-default\" data-id=\"3f020d3\" data-element_type=\"section\">\n\t\t\t\t\t\t<div class=\"elementor-container elementor-column-gap-default\">\n\t\t\t\t\t<div class=\"elementor-column elementor-col-33 elementor-top-column elementor-element elementor-element-f48b7b6\" data-id=\"f48b7b6\" data-element_type=\"column\">\n\t\t\t<div class=\"elementor-widget-wrap elementor-element-populated\">\n\t\t\t\t\t\t<div class=\"elementor-element elementor-element-6452bbf dce_masking-none elementor-widget elementor-widget-image\" data-id=\"6452bbf\" data-element_type=\"widget\" data-widget_type=\"image.default\">\n\t\t\t\t\t\t\t\t\t\t\t\t\t\t\t\t<a href=\"#link\">\n\t\t\t\t\t\t\t<img decoding=\"async\" src=\"https:\/\/www.bohinj.si\/wp-content\/uploads\/elementor\/thumbs\/2023-zelenjava-od-vilic-do-vil-branko-2023-moma-71-rl9j1l0ux0su2da7xbstrlymnll39gfzlt5nm6c0i0.jpg\" title=\"2023-zelenjava-od-vilic-do-vil-branko-2023-moma (71)\" alt=\"2023-zelenjava-od-vilic-do-vil-branko-2023-moma (71)\" loading=\"lazy\" \/>\t\t\t\t\t\t\t\t<\/a>\n\t\t\t\t\t\t\t\t\t\t\t\t\t\t\t<\/div>\n\t\t\t\t\t<\/div>\n\t\t<\/div>\n\t\t\t\t<div class=\"elementor-column elementor-col-66 elementor-top-column elementor-element elementor-element-58554ed\" data-id=\"58554ed\" data-element_type=\"column\">\n\t\t\t<div class=\"elementor-widget-wrap elementor-element-populated\">\n\t\t\t\t\t\t<div class=\"elementor-element elementor-element-c221d41 elementor-widget elementor-widget-text-editor\" data-id=\"c221d41\" data-element_type=\"widget\" data-widget_type=\"text-editor.default\">\n\t\t\t\t\t\t\t\t\t<p class=\"\" data-start=\"95\" data-end=\"278\"><strong>Presentation of conclusions from the public discussion on climate change and biodiversity conservation in protected areas, and the projects <em data-start=\"229\" data-end=\"242\">Beyond Snow<\/em> and <em data-start=\"246\" data-end=\"278\">Sustainable mobility in Bohinj<\/em><\/strong><\/p>\n<p class=\"\" data-start=\"280\" data-end=\"544\">Andrej Arih, <i>Head of the Nature Conservation Department, Triglav National Park Public Institution<br data-start=\"361\" data-end=\"364\"\/><\/i>Matja\u017e Stare, <i>Senior Associate for Sport, Tourism Bohinj, Public Institute for the Promotion of Tourism<br data-start=\"465\" data-end=\"468\"\/><\/i>Klemen Langus, <i>Director, Tourism Bohinj, Public Institute for the Promotion of Tourism<\/i><\/p>\n\t\t\t\t\t\t\t\t<\/div>\n\t\t\t\t\t<\/div>\n\t\t<\/div>\n\t\t\t\t\t<\/div>\n\t\t<\/section>\n\t\t\t\t<section class=\"elementor-section elementor-top-section elementor-element elementor-element-4122363 elementor-section-boxed elementor-section-height-default elementor-section-height-default\" data-id=\"4122363\" data-element_type=\"section\">\n\t\t\t\t\t\t<div class=\"elementor-container elementor-column-gap-default\">\n\t\t\t\t\t<div class=\"elementor-column elementor-col-100 elementor-top-column elementor-element elementor-element-cfd065f\" data-id=\"cfd065f\" data-element_type=\"column\">\n\t\t\t<div class=\"elementor-widget-wrap elementor-element-populated\">\n\t\t\t\t\t\t<div class=\"elementor-element elementor-element-8b8d7c7 elementor-widget elementor-widget-heading\" data-id=\"8b8d7c7\" data-element_type=\"widget\" data-widget_type=\"heading.default\">\n\t\t\t\t\t<h2 class=\"elementor-heading-title elementor-size-default\">Registration for the conference<\/h2>\t\t\t\t<\/div>\n\t\t\t\t<div class=\"elementor-element elementor-element-106e9b4 elementor-widget elementor-widget-text-editor\" data-id=\"106e9b4\" data-element_type=\"widget\" data-widget_type=\"text-editor.default\">\n\t\t\t\t\t\t\t\t\t<p class=\"\" data-start=\"126\" data-end=\"398\">The forum invites <strong data-start=\"143\" data-end=\"159\">experts <\/strong>who prepare, lead and guide development policies and projects, <strong data-start=\"230\" data-end=\"239\">farmers<\/strong>, <strong data-start=\"241\" data-end=\"262\">nature conservationists<\/strong>, <strong data-start=\"264\" data-end=\"286\">tourism workers<\/strong>, experts engaged in <strong data-start=\"308\" data-end=\"365\">scientific research on sustainable development<\/strong>, and the <strong data-start=\"371\" data-end=\"397\">interested public<\/strong>.<\/p>\n<p class=\"\" data-start=\"400\" data-end=\"525\">Due to the limited number of participants, <strong data-start=\"459\" data-end=\"493\">prior registration is required <\/strong>no later than <strong data-start=\"509\" data-end=\"524\">15. 5. 2025<\/strong>.<\/p>\n\t\t\t\t\t\t\t\t<\/div>\n\t\t\t\t\t<\/div>\n\t\t<\/div>\n\t\t\t\t\t<\/div>\n\t\t<\/section>\n\t\t\t\t<section class=\"elementor-section elementor-top-section elementor-element elementor-element-dddd2c6 gumbi elementor-section-boxed elementor-section-height-default elementor-section-height-default\" data-id=\"dddd2c6\" data-element_type=\"section\">\n\t\t\t\t\t\t<div class=\"elementor-container elementor-column-gap-default\">\n\t\t\t\t\t<div class=\"elementor-column elementor-col-100 elementor-top-column elementor-element elementor-element-5f144b2c\" data-id=\"5f144b2c\" data-element_type=\"column\">\n\t\t\t<div class=\"elementor-widget-wrap elementor-element-populated\">\n\t\t\t\t\t\t<div class=\"elementor-element elementor-element-3f4f7a04 elementor-align-center elementor-widget elementor-widget-button\" data-id=\"3f4f7a04\" data-element_type=\"widget\" data-widget_type=\"button.default\">\n\t\t\t\t\t\t\t\t\t\t<a class=\"elementor-button elementor-button-link elementor-size-sm\" href=\"http:\/\/www.1ka.si\/a\/a10dd86b\">\n\t\t\t\t\t\t<span class=\"elementor-button-content-wrapper\">\n\t\t\t\t\t\t\t\t\t<span class=\"elementor-button-text\">Submit your registration<\/span>\n\t\t\t\t\t<\/span>\n\t\t\t\t\t<\/a>\n\t\t\t\t\t\t\t\t<\/div>\n\t\t\t\t\t<\/div>\n\t\t<\/div>\n\t\t\t\t\t<\/div>\n\t\t<\/section>\n\t\t\t\t<section data-dce-background-color=\"#667B42\" class=\"elementor-section elementor-top-section elementor-element elementor-element-7a6b3ba teksti_primeri tekst_primer_06 elementor-section-stretched elementor-section-boxed elementor-section-height-default elementor-section-height-default\" data-id=\"7a6b3ba\" data-element_type=\"section\" data-settings=\"{&quot;background_background&quot;:&quot;classic&quot;,&quot;stretch_section&quot;:&quot;section-stretched&quot;}\">\n\t\t\t\t\t\t<div class=\"elementor-container elementor-column-gap-default\">\n\t\t\t\t\t<div class=\"elementor-column elementor-col-100 elementor-top-column elementor-element elementor-element-d04ee55\" data-id=\"d04ee55\" data-element_type=\"column\">\n\t\t\t<div class=\"elementor-widget-wrap elementor-element-populated\">\n\t\t\t\t\t\t<div class=\"elementor-element elementor-element-96841fb elementor-widget elementor-widget-read-more\" data-id=\"96841fb\" data-element_type=\"widget\" data-widget_type=\"read-more.default\">\n\t\t\t\t\t<\/div><\/div><\/div><\/div><\/section><\/div> <a href=\"https:\/\/www.bohinj.si\/en\/events\/sustainable-development-of-protected-nature-areas\/#more-121392\" class=\"more-link elementor-more-link\"><span aria-label=\"Continue reading Sustainable development of protected nature areas\">Poka\u017ei ve\u010d<\/span><\/a>","protected":false},"excerpt":{"rendered":"<p>International Wildflower Festival: Challenges for the sustainable development of protected nature areas, how to address them in practice. <\/p>\n","protected":false},"author":4,"featured_media":121206,"parent":52482,"menu_order":0,"comment_status":"closed","ping_status":"closed","template":"","meta":{"_acf_changed":false,"footnotes":""},"class_list":["post-121392","page","type-page","status-publish","has-post-thumbnail","hentry"],"acf":[],"yoast_head":"<!-- This site is optimized with the Yoast SEO plugin v27.5 - https:\/\/yoast.com\/product\/yoast-seo-wordpress\/ -->\n<title>Sustainable development of protected nature areas - Bohinj - uradna stran destinacije - TNP, Julijske Alpe, Bohinjsko jezero<\/title>\n<meta name=\"description\" content=\"International Wildflower Festival: Challenges for the sustainable development of protected nature areas, how to address them in practice.\" \/>\n<meta name=\"robots\" content=\"index, follow, max-snippet:-1, max-image-preview:large, max-video-preview:-1\" \/>\n<link rel=\"canonical\" href=\"https:\/\/www.bohinj.si\/en\/events\/sustainable-development-of-protected-nature-areas\/\" \/>\n<meta property=\"og:locale\" content=\"en_US\" \/>\n<meta property=\"og:type\" content=\"article\" \/>\n<meta property=\"og:title\" content=\"Sustainable development of protected nature areas - Bohinj - uradna stran destinacije - TNP, Julijske Alpe, Bohinjsko jezero\" \/>\n<meta property=\"og:description\" content=\"International Wildflower Festival: Challenges for the sustainable development of protected nature areas, how to address them in practice.\" \/>\n<meta property=\"og:url\" content=\"https:\/\/www.bohinj.si\/en\/events\/sustainable-development-of-protected-nature-areas\/\" \/>\n<meta property=\"og:site_name\" content=\"Bohinj - uradna stran destinacije - TNP, Julijske Alpe, Bohinjsko jezero\" \/>\n<meta property=\"article:modified_time\" content=\"2025-04-17T10:08:46+00:00\" \/>\n<meta property=\"og:image\" content=\"https:\/\/www.bohinj.si\/wp-content\/uploads\/2024\/03\/2023-zelenjava-od-vilic-do-vil-branko-2023-moma-99.jpg\" \/>\n\t<meta property=\"og:image:width\" content=\"1920\" \/>\n\t<meta property=\"og:image:height\" content=\"1281\" \/>\n\t<meta property=\"og:image:type\" content=\"image\/jpeg\" \/>\n<meta name=\"twitter:card\" content=\"summary_large_image\" \/>\n<meta name=\"twitter:label1\" content=\"Est. reading time\" \/>\n\t<meta name=\"twitter:data1\" content=\"33 minutes\" \/>\n<script type=\"application\/ld+json\" class=\"yoast-schema-graph\">{\"@context\":\"https:\\\/\\\/schema.org\",\"@graph\":[{\"@type\":\"WebPage\",\"@id\":\"https:\\\/\\\/www.bohinj.si\\\/en\\\/events\\\/sustainable-development-of-protected-nature-areas\\\/\",\"url\":\"https:\\\/\\\/www.bohinj.si\\\/en\\\/events\\\/sustainable-development-of-protected-nature-areas\\\/\",\"name\":\"Sustainable development of protected nature areas - Bohinj - uradna stran destinacije - TNP, Julijske Alpe, Bohinjsko jezero\",\"isPartOf\":{\"@id\":\"https:\\\/\\\/www.bohinj.si\\\/en\\\/#website\"},\"primaryImageOfPage\":{\"@id\":\"https:\\\/\\\/www.bohinj.si\\\/en\\\/events\\\/sustainable-development-of-protected-nature-areas\\\/#primaryimage\"},\"image\":{\"@id\":\"https:\\\/\\\/www.bohinj.si\\\/en\\\/events\\\/sustainable-development-of-protected-nature-areas\\\/#primaryimage\"},\"thumbnailUrl\":\"https:\\\/\\\/www.bohinj.si\\\/wp-content\\\/uploads\\\/2024\\\/03\\\/2023-zelenjava-od-vilic-do-vil-branko-2023-moma-99.jpg\",\"datePublished\":\"2024-02-29T17:32:32+00:00\",\"dateModified\":\"2025-04-17T10:08:46+00:00\",\"description\":\"International Wildflower Festival: Challenges for the sustainable development of protected nature areas, how to address them in practice.\",\"breadcrumb\":{\"@id\":\"https:\\\/\\\/www.bohinj.si\\\/en\\\/events\\\/sustainable-development-of-protected-nature-areas\\\/#breadcrumb\"},\"inLanguage\":\"en-US\",\"potentialAction\":[{\"@type\":\"ReadAction\",\"target\":[\"https:\\\/\\\/www.bohinj.si\\\/en\\\/events\\\/sustainable-development-of-protected-nature-areas\\\/\"]}]},{\"@type\":\"ImageObject\",\"inLanguage\":\"en-US\",\"@id\":\"https:\\\/\\\/www.bohinj.si\\\/en\\\/events\\\/sustainable-development-of-protected-nature-areas\\\/#primaryimage\",\"url\":\"https:\\\/\\\/www.bohinj.si\\\/wp-content\\\/uploads\\\/2024\\\/03\\\/2023-zelenjava-od-vilic-do-vil-branko-2023-moma-99.jpg\",\"contentUrl\":\"https:\\\/\\\/www.bohinj.si\\\/wp-content\\\/uploads\\\/2024\\\/03\\\/2023-zelenjava-od-vilic-do-vil-branko-2023-moma-99.jpg\",\"width\":1920,\"height\":1281},{\"@type\":\"BreadcrumbList\",\"@id\":\"https:\\\/\\\/www.bohinj.si\\\/en\\\/events\\\/sustainable-development-of-protected-nature-areas\\\/#breadcrumb\",\"itemListElement\":[{\"@type\":\"ListItem\",\"position\":1,\"name\":\"Domov\",\"item\":\"https:\\\/\\\/www.bohinj.si\\\/en\\\/bohinj-home\\\/\"},{\"@type\":\"ListItem\",\"position\":2,\"name\":\"Events\",\"item\":\"https:\\\/\\\/www.bohinj.si\\\/en\\\/events\\\/\"},{\"@type\":\"ListItem\",\"position\":3,\"name\":\"Sustainable development of protected nature areas\"}]},{\"@type\":\"WebSite\",\"@id\":\"https:\\\/\\\/www.bohinj.si\\\/en\\\/#website\",\"url\":\"https:\\\/\\\/www.bohinj.si\\\/en\\\/\",\"name\":\"Bohinj - uradna stran destinacije - TNP, Julijske Alpe, Bohinjsko jezero\",\"description\":\"Bohinj je zelena oaza v osr\u010dju Triglavskega narodnega parka. Idealno izhodi\u0161\u010de za pohodni\u0161tvo, kolesarjenje, ribolov, smu\u010danje, tek na smu\u010deh ...\",\"publisher\":{\"@id\":\"https:\\\/\\\/www.bohinj.si\\\/en\\\/#organization\"},\"potentialAction\":[{\"@type\":\"SearchAction\",\"target\":{\"@type\":\"EntryPoint\",\"urlTemplate\":\"https:\\\/\\\/www.bohinj.si\\\/en\\\/?s={search_term_string}\"},\"query-input\":{\"@type\":\"PropertyValueSpecification\",\"valueRequired\":true,\"valueName\":\"search_term_string\"}}],\"inLanguage\":\"en-US\"},{\"@type\":\"Organization\",\"@id\":\"https:\\\/\\\/www.bohinj.si\\\/en\\\/#organization\",\"name\":\"Bohinj - uradna stran destinacije - TNP, Julijske Alpe, Bohinjsko jezero\",\"url\":\"https:\\\/\\\/www.bohinj.si\\\/en\\\/\",\"logo\":{\"@type\":\"ImageObject\",\"inLanguage\":\"en-US\",\"@id\":\"https:\\\/\\\/www.bohinj.si\\\/en\\\/#\\\/schema\\\/logo\\\/image\\\/\",\"url\":\"https:\\\/\\\/www.bohinj.si\\\/wp-content\\\/uploads\\\/2021\\\/04\\\/bohinj_head_logo_slo.png\",\"contentUrl\":\"https:\\\/\\\/www.bohinj.si\\\/wp-content\\\/uploads\\\/2021\\\/04\\\/bohinj_head_logo_slo.png\",\"width\":295,\"height\":56,\"caption\":\"Bohinj - uradna stran destinacije - TNP, Julijske Alpe, Bohinjsko jezero\"},\"image\":{\"@id\":\"https:\\\/\\\/www.bohinj.si\\\/en\\\/#\\\/schema\\\/logo\\\/image\\\/\"}}]}<\/script>\n<!-- \/ Yoast SEO plugin. -->","yoast_head_json":{"title":"Sustainable development of protected nature areas - Bohinj - uradna stran destinacije - TNP, Julijske Alpe, Bohinjsko jezero","description":"International Wildflower Festival: Challenges for the sustainable development of protected nature areas, how to address them in practice.","robots":{"index":"index","follow":"follow","max-snippet":"max-snippet:-1","max-image-preview":"max-image-preview:large","max-video-preview":"max-video-preview:-1"},"canonical":"https:\/\/www.bohinj.si\/en\/events\/sustainable-development-of-protected-nature-areas\/","og_locale":"en_US","og_type":"article","og_title":"Sustainable development of protected nature areas - Bohinj - uradna stran destinacije - TNP, Julijske Alpe, Bohinjsko jezero","og_description":"International Wildflower Festival: Challenges for the sustainable development of protected nature areas, how to address them in practice.","og_url":"https:\/\/www.bohinj.si\/en\/events\/sustainable-development-of-protected-nature-areas\/","og_site_name":"Bohinj - uradna stran destinacije - TNP, Julijske Alpe, Bohinjsko jezero","article_modified_time":"2025-04-17T10:08:46+00:00","og_image":[{"width":1920,"height":1281,"url":"https:\/\/www.bohinj.si\/wp-content\/uploads\/2024\/03\/2023-zelenjava-od-vilic-do-vil-branko-2023-moma-99.jpg","type":"image\/jpeg"}],"twitter_card":"summary_large_image","twitter_misc":{"Est. reading time":"33 minutes"},"schema":{"@context":"https:\/\/schema.org","@graph":[{"@type":"WebPage","@id":"https:\/\/www.bohinj.si\/en\/events\/sustainable-development-of-protected-nature-areas\/","url":"https:\/\/www.bohinj.si\/en\/events\/sustainable-development-of-protected-nature-areas\/","name":"Sustainable development of protected nature areas - Bohinj - uradna stran destinacije - TNP, Julijske Alpe, Bohinjsko jezero","isPartOf":{"@id":"https:\/\/www.bohinj.si\/en\/#website"},"primaryImageOfPage":{"@id":"https:\/\/www.bohinj.si\/en\/events\/sustainable-development-of-protected-nature-areas\/#primaryimage"},"image":{"@id":"https:\/\/www.bohinj.si\/en\/events\/sustainable-development-of-protected-nature-areas\/#primaryimage"},"thumbnailUrl":"https:\/\/www.bohinj.si\/wp-content\/uploads\/2024\/03\/2023-zelenjava-od-vilic-do-vil-branko-2023-moma-99.jpg","datePublished":"2024-02-29T17:32:32+00:00","dateModified":"2025-04-17T10:08:46+00:00","description":"International Wildflower Festival: Challenges for the sustainable development of protected nature areas, how to address them in practice.","breadcrumb":{"@id":"https:\/\/www.bohinj.si\/en\/events\/sustainable-development-of-protected-nature-areas\/#breadcrumb"},"inLanguage":"en-US","potentialAction":[{"@type":"ReadAction","target":["https:\/\/www.bohinj.si\/en\/events\/sustainable-development-of-protected-nature-areas\/"]}]},{"@type":"ImageObject","inLanguage":"en-US","@id":"https:\/\/www.bohinj.si\/en\/events\/sustainable-development-of-protected-nature-areas\/#primaryimage","url":"https:\/\/www.bohinj.si\/wp-content\/uploads\/2024\/03\/2023-zelenjava-od-vilic-do-vil-branko-2023-moma-99.jpg","contentUrl":"https:\/\/www.bohinj.si\/wp-content\/uploads\/2024\/03\/2023-zelenjava-od-vilic-do-vil-branko-2023-moma-99.jpg","width":1920,"height":1281},{"@type":"BreadcrumbList","@id":"https:\/\/www.bohinj.si\/en\/events\/sustainable-development-of-protected-nature-areas\/#breadcrumb","itemListElement":[{"@type":"ListItem","position":1,"name":"Domov","item":"https:\/\/www.bohinj.si\/en\/bohinj-home\/"},{"@type":"ListItem","position":2,"name":"Events","item":"https:\/\/www.bohinj.si\/en\/events\/"},{"@type":"ListItem","position":3,"name":"Sustainable development of protected nature areas"}]},{"@type":"WebSite","@id":"https:\/\/www.bohinj.si\/en\/#website","url":"https:\/\/www.bohinj.si\/en\/","name":"Bohinj - uradna stran destinacije - TNP, Julijske Alpe, Bohinjsko jezero","description":"Bohinj je zelena oaza v osr\u010dju Triglavskega narodnega parka. Idealno izhodi\u0161\u010de za pohodni\u0161tvo, kolesarjenje, ribolov, smu\u010danje, tek na smu\u010deh ...","publisher":{"@id":"https:\/\/www.bohinj.si\/en\/#organization"},"potentialAction":[{"@type":"SearchAction","target":{"@type":"EntryPoint","urlTemplate":"https:\/\/www.bohinj.si\/en\/?s={search_term_string}"},"query-input":{"@type":"PropertyValueSpecification","valueRequired":true,"valueName":"search_term_string"}}],"inLanguage":"en-US"},{"@type":"Organization","@id":"https:\/\/www.bohinj.si\/en\/#organization","name":"Bohinj - uradna stran destinacije - TNP, Julijske Alpe, Bohinjsko jezero","url":"https:\/\/www.bohinj.si\/en\/","logo":{"@type":"ImageObject","inLanguage":"en-US","@id":"https:\/\/www.bohinj.si\/en\/#\/schema\/logo\/image\/","url":"https:\/\/www.bohinj.si\/wp-content\/uploads\/2021\/04\/bohinj_head_logo_slo.png","contentUrl":"https:\/\/www.bohinj.si\/wp-content\/uploads\/2021\/04\/bohinj_head_logo_slo.png","width":295,"height":56,"caption":"Bohinj - uradna stran destinacije - TNP, Julijske Alpe, Bohinjsko jezero"},"image":{"@id":"https:\/\/www.bohinj.si\/en\/#\/schema\/logo\/image\/"}}]}},"_links":{"self":[{"href":"https:\/\/www.bohinj.si\/en\/wp-json\/wp\/v2\/pages\/121392","targetHints":{"allow":["GET"]}}],"collection":[{"href":"https:\/\/www.bohinj.si\/en\/wp-json\/wp\/v2\/pages"}],"about":[{"href":"https:\/\/www.bohinj.si\/en\/wp-json\/wp\/v2\/types\/page"}],"author":[{"embeddable":true,"href":"https:\/\/www.bohinj.si\/en\/wp-json\/wp\/v2\/users\/4"}],"replies":[{"embeddable":true,"href":"https:\/\/www.bohinj.si\/en\/wp-json\/wp\/v2\/comments?post=121392"}],"version-history":[{"count":0,"href":"https:\/\/www.bohinj.si\/en\/wp-json\/wp\/v2\/pages\/121392\/revisions"}],"up":[{"embeddable":true,"href":"https:\/\/www.bohinj.si\/en\/wp-json\/wp\/v2\/pages\/52482"}],"wp:featuredmedia":[{"embeddable":true,"href":"https:\/\/www.bohinj.si\/en\/wp-json\/wp\/v2\/media\/121206"}],"wp:attachment":[{"href":"https:\/\/www.bohinj.si\/en\/wp-json\/wp\/v2\/media?parent=121392"}],"curies":[{"name":"wp","href":"https:\/\/api.w.org\/{rel}","templated":true}]}}