{"id":137339,"date":"2025-01-07T11:19:30","date_gmt":"2025-01-07T10:19:30","guid":{"rendered":"https:\/\/www.bohinj.si\/alpine-pearls\/"},"modified":"2025-01-25T09:56:22","modified_gmt":"2025-01-25T08:56:22","slug":"alpine-pearls","status":"publish","type":"page","link":"https:\/\/www.bohinj.si\/en\/alpine-pearls\/","title":{"rendered":"Alpine Pearls"},"content":{"rendered":"\t\t<div data-elementor-type=\"wp-page\" data-elementor-id=\"137339\" class=\"elementor elementor-137339 elementor-137301\" data-elementor-post-type=\"page\">\n\t\t\t\t\t\t<section class=\"elementor-section elementor-top-section elementor-element elementor-element-27dbd4b elementor-section-boxed elementor-section-height-default elementor-section-height-default\" data-id=\"27dbd4b\" data-element_type=\"section\">\n\t\t\t\t\t\t<div class=\"elementor-container elementor-column-gap-default\">\n\t\t\t\t\t<div class=\"elementor-column elementor-col-100 elementor-top-column elementor-element elementor-element-1194115\" data-id=\"1194115\" data-element_type=\"column\">\n\t\t\t<div class=\"elementor-widget-wrap elementor-element-populated\">\n\t\t\t\t\t\t<div class=\"elementor-element elementor-element-49044b3 elementor-widget elementor-widget-heading\" data-id=\"49044b3\" data-element_type=\"widget\" data-widget_type=\"heading.default\">\n\t\t\t\t\t<h2 class=\"elementor-heading-title elementor-size-default\">ALPINE PEARLS<\/h2>\t\t\t\t<\/div>\n\t\t\t\t<div class=\"elementor-element elementor-element-c30476c elementor-widget elementor-widget-text-editor\" data-id=\"c30476c\" data-element_type=\"widget\" data-widget_type=\"text-editor.default\">\n\t\t\t\t\t\t\t\t\t<p>Alpine Pearls brings together more than 20 resorts in the Alps committed to promoting environmentally friendly holidays and innovative mobility solutions. As a network for sustainable tourism in the Alps, linking Italy, Austria, Switzerland, Germany and Slovenia, it aims to offer guests a thoughtful and relaxed experience in harmony with nature and to explore the beauty of a car-free holiday. <\/p>\n\t\t\t\t\t\t\t\t<\/div>\n\t\t\t\t\t<\/div>\n\t\t<\/div>\n\t\t\t\t\t<\/div>\n\t\t<\/section>\n\t\t\t\t<section class=\"elementor-section elementor-top-section elementor-element elementor-element-18dbe541 elementor-section-boxed elementor-section-height-default elementor-section-height-default\" data-id=\"18dbe541\" data-element_type=\"section\">\n\t\t\t\t\t\t<div class=\"elementor-container elementor-column-gap-default\">\n\t\t\t\t\t<div class=\"elementor-column elementor-col-66 elementor-top-column elementor-element elementor-element-af3949f\" data-id=\"af3949f\" data-element_type=\"column\">\n\t\t\t<div class=\"elementor-widget-wrap elementor-element-populated\">\n\t\t\t\t\t\t<div class=\"elementor-element elementor-element-46f2af0 dce_masking-none elementor-widget elementor-widget-image\" data-id=\"46f2af0\" data-element_type=\"widget\" data-widget_type=\"image.default\">\n\t\t\t\t\t\t\t\t\t\t\t\t\t\t\t<img fetchpriority=\"high\" decoding=\"async\" width=\"768\" height=\"512\" src=\"https:\/\/www.bohinj.si\/wp-content\/uploads\/2021\/08\/mobilnost-pohodnistvo-bohinj-mitja-sodja-08-scaled-1-768x512.jpg\" class=\"attachment-medium_large size-medium_large wp-image-54900\" alt=\"\" srcset=\"https:\/\/www.bohinj.si\/wp-content\/uploads\/2021\/08\/mobilnost-pohodnistvo-bohinj-mitja-sodja-08-scaled-1-768x512.jpg 768w, https:\/\/www.bohinj.si\/wp-content\/uploads\/2021\/08\/mobilnost-pohodnistvo-bohinj-mitja-sodja-08-scaled-1-600x400.jpg 600w, https:\/\/www.bohinj.si\/wp-content\/uploads\/2021\/08\/mobilnost-pohodnistvo-bohinj-mitja-sodja-08-scaled-1-300x200.jpg 300w, https:\/\/www.bohinj.si\/wp-content\/uploads\/2021\/08\/mobilnost-pohodnistvo-bohinj-mitja-sodja-08-scaled-1-1024x683.jpg 1024w, https:\/\/www.bohinj.si\/wp-content\/uploads\/2021\/08\/mobilnost-pohodnistvo-bohinj-mitja-sodja-08-scaled-1-1536x1024.jpg 1536w, https:\/\/www.bohinj.si\/wp-content\/uploads\/2021\/08\/mobilnost-pohodnistvo-bohinj-mitja-sodja-08-scaled-1.jpg 1920w\" sizes=\"(max-width: 768px) 100vw, 768px\" \/>\t\t\t\t\t\t\t\t\t\t\t\t\t\t\t<\/div>\n\t\t\t\t\t<\/div>\n\t\t<\/div>\n\t\t\t\t<div class=\"elementor-column elementor-col-33 elementor-top-column elementor-element elementor-element-1d95238\" data-id=\"1d95238\" data-element_type=\"column\">\n\t\t\t<div class=\"elementor-widget-wrap elementor-element-populated\">\n\t\t\t\t\t\t<div class=\"elementor-element elementor-element-77313c84 elementor-widget elementor-widget-text-editor\" data-id=\"77313c84\" data-element_type=\"widget\" data-widget_type=\"text-editor.default\">\n\t\t\t\t\t\t\t\t\t<p>Alpine Pearls was founded in 2006, when 17 destinations, called &#8220;Alpine Pearls&#8221;, came together to form a network. The initiative was the result of two European projects, Alps Mobility and Alps Mobility II, which aimed to develop innovative, sustainable and climate-friendly tourism solutions. <\/p>\n<p>Today, the achievements of these visionary projects are being realised through the work of the international organisation Alpine Pearls.<\/p>\n<p>In February 2022, the association was awarded the<strong> status of European Grouping for Territorial Cooperation<\/strong> and has since been called the EGTC Alpine Pearls.<\/p>\n\t\t\t\t\t\t\t\t<\/div>\n\t\t\t\t\t<\/div>\n\t\t<\/div>\n\t\t\t\t\t<\/div>\n\t\t<\/section>\n\t\t\t\t<section class=\"elementor-section elementor-top-section elementor-element elementor-element-7b054048 elementor-section-boxed elementor-section-height-default elementor-section-height-default\" data-id=\"7b054048\" data-element_type=\"section\">\n\t\t\t\t\t\t<div class=\"elementor-container elementor-column-gap-default\">\n\t\t\t\t\t<div class=\"elementor-column elementor-col-33 elementor-top-column elementor-element elementor-element-53b4a8db\" data-id=\"53b4a8db\" data-element_type=\"column\">\n\t\t\t<div class=\"elementor-widget-wrap elementor-element-populated\">\n\t\t\t\t\t\t<div class=\"elementor-element elementor-element-746bd80f elementor-widget elementor-widget-text-editor\" data-id=\"746bd80f\" data-element_type=\"widget\" data-widget_type=\"text-editor.default\">\n\t\t\t\t\t\t\t\t\t<p>Alpine Pearls support the preservation of natural beauty and the development of sustainable tourism by focusing on the following areas:<\/p>\n<ul>\n<li><strong>Eco-mobility<\/strong>: promoting environmentally friendly transport and sustainable travel modes.<\/li>\n<li><strong>Regional cuisine<\/strong>: supporting local food and traditional dishes for an authentic experience of the region.<\/li>\n<li><strong>Sustainable accommodation<\/strong>: accommodation that is committed to ecological responsibility and comfort.<\/li>\n<li><strong>Holidays in harmony with nature<\/strong>: activities that allow a close connection with the natural environment.<\/li>\n<li><strong>Regional economic cycles<\/strong>: Supporting local economies and the circulation of resources within communities.<\/li>\n<\/ul>\n\t\t\t\t\t\t\t\t<\/div>\n\t\t\t\t\t<\/div>\n\t\t<\/div>\n\t\t\t\t<div class=\"elementor-column elementor-col-66 elementor-top-column elementor-element elementor-element-723406cc\" data-id=\"723406cc\" data-element_type=\"column\">\n\t\t\t<div class=\"elementor-widget-wrap elementor-element-populated\">\n\t\t\t\t\t\t<div class=\"elementor-element elementor-element-6dcd639 dce_masking-none elementor-widget elementor-widget-image\" data-id=\"6dcd639\" data-element_type=\"widget\" data-widget_type=\"image.default\">\n\t\t\t\t\t\t\t\t\t\t\t\t\t\t\t\t<a href=\"#link\">\n\t\t\t\t\t\t\t<img decoding=\"async\" width=\"800\" height=\"534\" src=\"https:\/\/www.bohinj.si\/wp-content\/uploads\/2023\/07\/bohinj-trznica-2023-mitja-sodja-07-1024x683.jpg\" class=\"attachment-large size-large wp-image-97958\" alt=\"\" srcset=\"https:\/\/www.bohinj.si\/wp-content\/uploads\/2023\/07\/bohinj-trznica-2023-mitja-sodja-07-1024x683.jpg 1024w, https:\/\/www.bohinj.si\/wp-content\/uploads\/2023\/07\/bohinj-trznica-2023-mitja-sodja-07-300x200.jpg 300w, https:\/\/www.bohinj.si\/wp-content\/uploads\/2023\/07\/bohinj-trznica-2023-mitja-sodja-07-768x512.jpg 768w, https:\/\/www.bohinj.si\/wp-content\/uploads\/2023\/07\/bohinj-trznica-2023-mitja-sodja-07-1536x1025.jpg 1536w, https:\/\/www.bohinj.si\/wp-content\/uploads\/2023\/07\/bohinj-trznica-2023-mitja-sodja-07-500x333.jpg 500w, https:\/\/www.bohinj.si\/wp-content\/uploads\/2023\/07\/bohinj-trznica-2023-mitja-sodja-07-600x400.jpg 600w, https:\/\/www.bohinj.si\/wp-content\/uploads\/2023\/07\/bohinj-trznica-2023-mitja-sodja-07-64x43.jpg 64w, https:\/\/www.bohinj.si\/wp-content\/uploads\/2023\/07\/bohinj-trznica-2023-mitja-sodja-07.jpg 1920w\" sizes=\"(max-width: 800px) 100vw, 800px\" \/>\t\t\t\t\t\t\t\t<\/a>\n\t\t\t\t\t\t\t\t\t\t\t\t\t\t\t<\/div>\n\t\t\t\t\t<\/div>\n\t\t<\/div>\n\t\t\t\t\t<\/div>\n\t\t<\/section>\n\t\t\t\t<section class=\"elementor-section elementor-top-section elementor-element elementor-element-85df60c elementor-section-boxed elementor-section-height-default elementor-section-height-default\" data-id=\"85df60c\" data-element_type=\"section\">\n\t\t\t\t\t\t<div class=\"elementor-container elementor-column-gap-default\">\n\t\t\t\t\t<div class=\"elementor-column elementor-col-100 elementor-top-column elementor-element elementor-element-1a17e92\" data-id=\"1a17e92\" data-element_type=\"column\">\n\t\t\t<div class=\"elementor-widget-wrap elementor-element-populated\">\n\t\t\t\t\t\t<div class=\"elementor-element elementor-element-cd39c3a elementor-widget elementor-widget-heading\" data-id=\"cd39c3a\" data-element_type=\"widget\" data-widget_type=\"heading.default\">\n\t\t\t\t\t<h2 class=\"elementor-heading-title elementor-size-default\">Holidays? Environmentally friendly, please! <\/h2>\t\t\t\t<\/div>\n\t\t\t\t<div class=\"elementor-element elementor-element-659520d elementor-widget elementor-widget-text-editor\" data-id=\"659520d\" data-element_type=\"widget\" data-widget_type=\"text-editor.default\">\n\t\t\t\t\t\t\t\t\t<p>The members of the network are committed to continuous progress and focus on taking a pioneering role in sustainability. In this context, particular emphasis is placed on respecting the different lifestyles of the Alpine regions and working with local communities. <\/p>\n\t\t\t\t\t\t\t\t<\/div>\n\t\t\t\t<div class=\"elementor-element elementor-element-c272588 dce_masking-none elementor-widget elementor-widget-image\" data-id=\"c272588\" data-element_type=\"widget\" data-widget_type=\"image.default\">\n\t\t\t\t\t\t\t\t\t\t\t\t\t\t\t\t<a href=\"https:\/\/www.bohinj.si\/wp-content\/uploads\/2025\/01\/Alpine_Pearls_Predstavitev_SL_pages-to-jpg-0011.jpg\">\n\t\t\t\t\t\t\t<img decoding=\"async\" width=\"800\" height=\"450\" src=\"https:\/\/www.bohinj.si\/wp-content\/uploads\/2025\/01\/Alpine_Pearls_Predstavitev_SL_pages-to-jpg-0011-1024x576.jpg\" class=\"attachment-large size-large wp-image-137309\" alt=\"\" srcset=\"https:\/\/www.bohinj.si\/wp-content\/uploads\/2025\/01\/Alpine_Pearls_Predstavitev_SL_pages-to-jpg-0011-1024x576.jpg 1024w, https:\/\/www.bohinj.si\/wp-content\/uploads\/2025\/01\/Alpine_Pearls_Predstavitev_SL_pages-to-jpg-0011-300x169.jpg 300w, https:\/\/www.bohinj.si\/wp-content\/uploads\/2025\/01\/Alpine_Pearls_Predstavitev_SL_pages-to-jpg-0011-768x432.jpg 768w, https:\/\/www.bohinj.si\/wp-content\/uploads\/2025\/01\/Alpine_Pearls_Predstavitev_SL_pages-to-jpg-0011-1536x864.jpg 1536w, https:\/\/www.bohinj.si\/wp-content\/uploads\/2025\/01\/Alpine_Pearls_Predstavitev_SL_pages-to-jpg-0011-600x338.jpg 600w, https:\/\/www.bohinj.si\/wp-content\/uploads\/2025\/01\/Alpine_Pearls_Predstavitev_SL_pages-to-jpg-0011-64x36.jpg 64w, https:\/\/www.bohinj.si\/wp-content\/uploads\/2025\/01\/Alpine_Pearls_Predstavitev_SL_pages-to-jpg-0011.jpg 1920w\" sizes=\"(max-width: 800px) 100vw, 800px\" \/>\t\t\t\t\t\t\t\t<\/a>\n\t\t\t\t\t\t\t\t\t\t\t\t\t\t\t<\/div>\n\t\t\t\t\t<\/div>\n\t\t<\/div>\n\t\t\t\t\t<\/div>\n\t\t<\/section>\n\t\t\t\t<section class=\"elementor-section elementor-top-section elementor-element elementor-element-fbe5cca elementor-section-boxed elementor-section-height-default elementor-section-height-default\" data-id=\"fbe5cca\" data-element_type=\"section\">\n\t\t\t\t\t\t<div class=\"elementor-container elementor-column-gap-default\">\n\t\t\t\t\t<div class=\"elementor-column elementor-col-100 elementor-top-column elementor-element elementor-element-9edc0b3\" data-id=\"9edc0b3\" data-element_type=\"column\">\n\t\t\t<div class=\"elementor-widget-wrap elementor-element-populated\">\n\t\t\t\t\t\t<div class=\"elementor-element elementor-element-473de0a elementor-widget elementor-widget-heading\" data-id=\"473de0a\" data-element_type=\"widget\" data-widget_type=\"heading.default\">\n\t\t\t\t\t<h2 class=\"elementor-heading-title elementor-size-default\"><i>Soft mobillity<\/i><\/h2>\t\t\t\t<\/div>\n\t\t\t\t\t<\/div>\n\t\t<\/div>\n\t\t\t\t\t<\/div>\n\t\t<\/section>\n\t\t\t\t<section class=\"elementor-section elementor-top-section elementor-element elementor-element-791d8ecf elementor-section-boxed elementor-section-height-default elementor-section-height-default\" data-id=\"791d8ecf\" data-element_type=\"section\">\n\t\t\t\t\t\t<div class=\"elementor-container elementor-column-gap-default\">\n\t\t\t\t\t<div class=\"elementor-column elementor-col-33 elementor-top-column elementor-element elementor-element-3bb09ae5\" data-id=\"3bb09ae5\" data-element_type=\"column\">\n\t\t\t<div class=\"elementor-widget-wrap elementor-element-populated\">\n\t\t\t\t\t\t<div class=\"elementor-element elementor-element-6ece711b elementor-widget elementor-widget-text-editor\" data-id=\"6ece711b\" data-element_type=\"widget\" data-widget_type=\"text-editor.default\">\n\t\t\t\t\t\t\t\t\t<p>Soft mobility is a<strong> sustainable and environmentally friendly approach to travel<\/strong>, especially in tourism. It encourages a <strong>rethinking of travel habits<\/strong> and the use of alternatives that are more energy efficient and less polluting. <\/p>\n<p>Instead of personal cars, sustainable travellers prefer to use<strong> public transport, bicycles, e-bikes and car sharing<\/strong>, which helps reduce CO2 emissions, air pollution and traffic congestion.<\/p>\n<p>Those who travel without a car and embrace soft mobility <strong>contribute to nature conservation while experiencing places in a unique way<\/strong>, in full contact with the environment.<\/p>\n\t\t\t\t\t\t\t\t<\/div>\n\t\t\t\t\t<\/div>\n\t\t<\/div>\n\t\t\t\t<div class=\"elementor-column elementor-col-66 elementor-top-column elementor-element elementor-element-618d6051\" data-id=\"618d6051\" data-element_type=\"column\">\n\t\t\t<div class=\"elementor-widget-wrap elementor-element-populated\">\n\t\t\t\t\t\t<div class=\"elementor-element elementor-element-16de2dd4 dce_masking-none elementor-widget elementor-widget-image\" data-id=\"16de2dd4\" data-element_type=\"widget\" data-widget_type=\"image.default\">\n\t\t\t\t\t\t\t\t\t\t\t\t\t\t\t\t<a href=\"#link\">\n\t\t\t\t\t\t\t<img loading=\"lazy\" decoding=\"async\" width=\"800\" height=\"539\" src=\"https:\/\/www.bohinj.si\/wp-content\/uploads\/2022\/01\/mobilnost-pohodnitvo-mojca-odar-01-1024x690.jpg\" class=\"attachment-large size-large wp-image-47342\" alt=\"Za cveto\u010di Bohinj - mehka mobilnost; foto: Mojca Odar\" srcset=\"https:\/\/www.bohinj.si\/wp-content\/uploads\/2022\/01\/mobilnost-pohodnitvo-mojca-odar-01-1024x690.jpg 1024w, https:\/\/www.bohinj.si\/wp-content\/uploads\/2022\/01\/mobilnost-pohodnitvo-mojca-odar-01-300x202.jpg 300w, https:\/\/www.bohinj.si\/wp-content\/uploads\/2022\/01\/mobilnost-pohodnitvo-mojca-odar-01-768x517.jpg 768w, https:\/\/www.bohinj.si\/wp-content\/uploads\/2022\/01\/mobilnost-pohodnitvo-mojca-odar-01-1536x1035.jpg 1536w, https:\/\/www.bohinj.si\/wp-content\/uploads\/2022\/01\/mobilnost-pohodnitvo-mojca-odar-01-600x404.jpg 600w, https:\/\/www.bohinj.si\/wp-content\/uploads\/2022\/01\/mobilnost-pohodnitvo-mojca-odar-01-64x43.jpg 64w, https:\/\/www.bohinj.si\/wp-content\/uploads\/2022\/01\/mobilnost-pohodnitvo-mojca-odar-01.jpg 1900w\" sizes=\"(max-width: 800px) 100vw, 800px\" \/>\t\t\t\t\t\t\t\t<\/a>\n\t\t\t\t\t\t\t\t\t\t\t\t\t\t\t<\/div>\n\t\t\t\t\t<\/div>\n\t\t<\/div>\n\t\t\t\t\t<\/div>\n\t\t<\/section>\n\t\t\t\t<section data-dce-background-color=\"#B9B8B8\" class=\"elementor-section elementor-top-section elementor-element elementor-element-3e51eaff teksti_primeri tekst_primer_06 grey_background_section elementor-section-stretched elementor-section-boxed elementor-section-height-default elementor-section-height-default\" data-id=\"3e51eaff\" data-element_type=\"section\" data-settings=\"{&quot;background_background&quot;:&quot;classic&quot;,&quot;stretch_section&quot;:&quot;section-stretched&quot;}\">\n\t\t\t\t\t\t<div class=\"elementor-container elementor-column-gap-default\">\n\t\t\t\t\t<div class=\"elementor-column elementor-col-100 elementor-top-column elementor-element elementor-element-51afa70d\" data-id=\"51afa70d\" data-element_type=\"column\">\n\t\t\t<div class=\"elementor-widget-wrap elementor-element-populated\">\n\t\t\t\t\t\t<div class=\"elementor-element elementor-element-1a96a774 elementor-widget__width-inherit elementor-widget elementor-widget-heading\" data-id=\"1a96a774\" data-element_type=\"widget\" data-widget_type=\"heading.default\">\n\t\t\t\t\t<h1 class=\"elementor-heading-title elementor-size-default\">TRAVEL LEAVES TRACES...<\/h1>\t\t\t\t<\/div>\n\t\t\t\t<div class=\"elementor-element elementor-element-5dcec47e elementor-widget__width-inherit fadeout elementor-widget elementor-widget-text-editor\" data-id=\"5dcec47e\" data-element_type=\"widget\" data-widget_type=\"text-editor.default\">\n\t\t\t\t\t\t\t\t\t<p>&#8230;in your memories, photo collections, diaries. Whoever sets out to explore new horizons, whoever discovers the good things that are within reach, whoever simply sets out and feels the freedom, will return happier to everyday life. <\/p>\n<p>The Alpine Pearls are places of longing for those who want to experience their travelling adventure step by step. For those who crave the sun. For winter enthusiasts. For the truly happy adventurers. For you.    <\/p>\n\t\t\t\t\t\t\t\t<\/div>\n\t\t\t\t\t<\/div>\n\t\t<\/div>\n\t\t\t\t\t<\/div>\n\t\t<\/section>\n\t\t\t\t<section class=\"elementor-section elementor-top-section elementor-element elementor-element-4102454 elementor-section-boxed elementor-section-height-default elementor-section-height-default\" data-id=\"4102454\" data-element_type=\"section\">\n\t\t\t\t\t\t<div class=\"elementor-container elementor-column-gap-default\">\n\t\t\t\t\t<div class=\"elementor-column elementor-col-100 elementor-top-column elementor-element elementor-element-266821b\" data-id=\"266821b\" data-element_type=\"column\">\n\t\t\t<div class=\"elementor-widget-wrap elementor-element-populated\">\n\t\t\t\t\t\t<div class=\"elementor-element elementor-element-3eb0da33 elementor-widget elementor-widget-heading\" data-id=\"3eb0da33\" data-element_type=\"widget\" data-widget_type=\"heading.default\">\n\t\t\t\t\t<h2 class=\"elementor-heading-title elementor-size-default\">ALPINE PEARL BOHINJ<\/h2>\t\t\t\t<\/div>\n\t\t\t\t<div class=\"elementor-element elementor-element-3cbf1be elementor-widget elementor-widget-text-editor\" data-id=\"3cbf1be\" data-element_type=\"widget\" data-widget_type=\"text-editor.default\">\n\t\t\t\t\t\t\t\t\t<p><span style=\"text-align: center;\">On 1 July 2017, the municipality of Bohinj became a full member of the Alpine Pearls. <\/span><\/p>\n\t\t\t\t\t\t\t\t<\/div>\n\t\t\t\t\t<\/div>\n\t\t<\/div>\n\t\t\t\t\t<\/div>\n\t\t<\/section>\n\t\t\t\t<section class=\"elementor-section elementor-top-section elementor-element elementor-element-4e37fa82 teksti_primeri tekst_primer_08 elementor-section-full_width elementor-section-height-default elementor-section-height-default\" data-id=\"4e37fa82\" data-element_type=\"section\">\n\t\t\t\t\t\t<div class=\"elementor-container elementor-column-gap-default\">\n\t\t\t\t\t<div class=\"elementor-column elementor-col-50 elementor-top-column elementor-element elementor-element-63384d55\" data-id=\"63384d55\" data-element_type=\"column\">\n\t\t\t<div class=\"elementor-widget-wrap elementor-element-populated\">\n\t\t\t\t\t\t<div class=\"elementor-element elementor-element-6ccfb5b dce_masking-none elementor-widget elementor-widget-image\" data-id=\"6ccfb5b\" data-element_type=\"widget\" data-widget_type=\"image.default\">\n\t\t\t\t\t\t\t\t\t\t\t\t\t\t\t<img loading=\"lazy\" decoding=\"async\" width=\"800\" height=\"534\" src=\"https:\/\/www.bohinj.si\/wp-content\/uploads\/2022\/11\/Mojca_Odar_janez_2-1024x683.jpg\" class=\"attachment-large size-large wp-image-88092\" alt=\"\" srcset=\"https:\/\/www.bohinj.si\/wp-content\/uploads\/2022\/11\/Mojca_Odar_janez_2-1024x683.jpg 1024w, https:\/\/www.bohinj.si\/wp-content\/uploads\/2022\/11\/Mojca_Odar_janez_2-300x200.jpg 300w, https:\/\/www.bohinj.si\/wp-content\/uploads\/2022\/11\/Mojca_Odar_janez_2-768x512.jpg 768w, https:\/\/www.bohinj.si\/wp-content\/uploads\/2022\/11\/Mojca_Odar_janez_2-1536x1025.jpg 1536w, https:\/\/www.bohinj.si\/wp-content\/uploads\/2022\/11\/Mojca_Odar_janez_2-500x333.jpg 500w, https:\/\/www.bohinj.si\/wp-content\/uploads\/2022\/11\/Mojca_Odar_janez_2-600x400.jpg 600w, https:\/\/www.bohinj.si\/wp-content\/uploads\/2022\/11\/Mojca_Odar_janez_2-64x43.jpg 64w, https:\/\/www.bohinj.si\/wp-content\/uploads\/2022\/11\/Mojca_Odar_janez_2.jpg 1920w\" sizes=\"(max-width: 800px) 100vw, 800px\" \/>\t\t\t\t\t\t\t\t\t\t\t\t\t\t\t<\/div>\n\t\t\t\t<div class=\"elementor-element elementor-element-36122b0b elementor-widget elementor-widget-text-editor\" data-id=\"36122b0b\" data-element_type=\"widget\" data-widget_type=\"text-editor.default\">\n\t\t\t\t\t\t\t\t\t<p><em>&#8220;The entry of the municipality means recognition for activities in the field of sustainable tourism, especially the so-called soft mobility. It also means additional promotional activities in the company of the best, exchanges of good practices, training and cooperation in various projects. We believe that by joining the network of Alpine Pearls, Bohinj will consolidate its image as a destination with a clear commitment to sustainable development, providing quality of life for locals and a quality experience for visitors. On the other hand, Bohinj&#8217;s entry also benefits the members of the network, as Bohinj has in recent years developed examples of good practice that are already of interest to the network&#8217;s member municipalities. One such example is the Wild Flower Festival, and the Bohinjsko \/From Bohinj brand&#8221;.     <\/em>&nbsp;<\/p>\n<p><b>&#8211; Klemen Langus, Tourism Bohinj director<\/b><\/p>\t\t\t\t\t\t\t\t<\/div>\n\t\t\t\t\t<\/div>\n\t\t<\/div>\n\t\t\t\t<div data-dce-background-color=\"#667B42\" class=\"elementor-column elementor-col-50 elementor-top-column elementor-element elementor-element-24a5b81d\" data-id=\"24a5b81d\" data-element_type=\"column\" data-settings=\"{&quot;background_background&quot;:&quot;classic&quot;}\">\n\t\t\t<div class=\"elementor-widget-wrap elementor-element-populated\">\n\t\t\t\t\t\t<div class=\"elementor-element elementor-element-761cc804 elementor-widget elementor-widget-text-editor\" data-id=\"761cc804\" data-element_type=\"widget\" data-widget_type=\"text-editor.default\">\n\t\t\t\t\t\t\t\t\t<ul>\n<li>\n<h3>Julian Alps Card: Bohinj<\/h3>\n<p>Many free holiday offers for card holders in summer and winter.<\/p>\n<\/li>\n<li>\n<h3>From the train or bus station to the accommodation <\/h3>\n<p>Regular bus connections from Nomenj and Bohinjska Bistrica railway stations. Taxis are also available, or the host can organise individual transport on arrival. <\/p>\n<\/li>\n<li>\n<h3>Summer organised transport<\/h3>\n<p>During the summer season, 8 organised transport lines are in operation, taking passengers to the more popular destinations within Bohinj. <\/p>\n<\/li>\n<li>\n<h3>SKI BUS Bohinj<\/h3>\n<p>A ski bus runs to the Vogel and Sori\u0161ka planina ski resorts and the Pokljuka Biathlon Centre in winter.<\/p>\n<\/li>\n<li>\n<h3>Panoramic boats <\/h3>\n<p>The Triglavska ro\u017ea (77 passengers) and Zlatorog (52 passengers) boats run daily from April to November. <\/p>\n<\/li>\n<li>\n<h3>Bike rental<\/h3>\n<p>You can rent trekking bikes (including helmet and lock) at various points, as well as e-bikes.<\/p>\n<\/li>\n<li>\n<h3>Charging e-cars<\/h3>\n<p>There are several public charging points available for a fee. More and more accommodation providers in Bohinj also offer electric charging. <\/p>\n<\/li>\n<li>\n<h3>Rowing boats, SUPs, kayaks and canoes rental<\/h3>\n<\/li>\n<\/ul>\n\t\t\t\t\t\t\t\t<\/div>\n\t\t\t\t\t<\/div>\n\t\t<\/div>\n\t\t\t\t\t<\/div>\n\t\t<\/section>\n\t\t\t\t<section class=\"elementor-section elementor-top-section elementor-element elementor-element-425ad974 elementor-section-boxed elementor-section-height-default elementor-section-height-default\" data-id=\"425ad974\" data-element_type=\"section\">\n\t\t\t\t\t\t<div class=\"elementor-container elementor-column-gap-default\">\n\t\t\t\t\t<div class=\"elementor-column elementor-col-100 elementor-top-column elementor-element elementor-element-2925dbbe\" data-id=\"2925dbbe\" data-element_type=\"column\">\n\t\t\t<div class=\"elementor-widget-wrap elementor-element-populated\">\n\t\t\t\t\t\t<div class=\"elementor-element elementor-element-5652ce15 elementor-widget-divider--view-line_icon elementor-view-default elementor-widget-divider--element-align-center elementor-widget elementor-widget-divider\" data-id=\"5652ce15\" data-element_type=\"widget\" data-widget_type=\"divider.default\">\n\t\t\t\t\t\t\t<div class=\"elementor-divider\">\n\t\t\t<span class=\"elementor-divider-separator\">\n\t\t\t\t\t\t\t<div class=\"elementor-icon elementor-divider__element\">\n\t\t\t\t\t<svg aria-hidden=\"true\" class=\"e-font-icon-svg e-fas-info-circle\" viewBox=\"0 0 512 512\" xmlns=\"http:\/\/www.w3.org\/2000\/svg\"><path d=\"M256 8C119.043 8 8 119.083 8 256c0 136.997 111.043 248 248 248s248-111.003 248-248C504 119.083 392.957 8 256 8zm0 110c23.196 0 42 18.804 42 42s-18.804 42-42 42-42-18.804-42-42 18.804-42 42-42zm56 254c0 6.627-5.373 12-12 12h-88c-6.627 0-12-5.373-12-12v-24c0-6.627 5.373-12 12-12h12v-64h-12c-6.627 0-12-5.373-12-12v-24c0-6.627 5.373-12 12-12h64c6.627 0 12 5.373 12 12v100h12c6.627 0 12 5.373 12 12v24z\"><\/path><\/svg><\/div>\n\t\t\t\t\t\t<\/span>\n\t\t<\/div>\n\t\t\t\t\t\t<\/div>\n\t\t\t\t<section class=\"elementor-section elementor-inner-section elementor-element elementor-element-7e70f6fd elementor-section-content-middle elementor-section-boxed elementor-section-height-default elementor-section-height-default\" data-id=\"7e70f6fd\" data-element_type=\"section\">\n\t\t\t\t\t\t<div class=\"elementor-container elementor-column-gap-default\">\n\t\t\t\t\t<div class=\"elementor-column elementor-col-33 elementor-inner-column elementor-element elementor-element-687a9662\" data-id=\"687a9662\" data-element_type=\"column\">\n\t\t\t<div class=\"elementor-widget-wrap elementor-element-populated\">\n\t\t\t\t\t\t<div class=\"elementor-element elementor-element-661a65d dce_masking-none elementor-widget elementor-widget-image\" data-id=\"661a65d\" data-element_type=\"widget\" data-widget_type=\"image.default\">\n\t\t\t\t\t\t\t\t\t\t\t\t\t\t\t<img loading=\"lazy\" decoding=\"async\" width=\"318\" height=\"158\" src=\"https:\/\/www.bohinj.si\/wp-content\/uploads\/2025\/01\/alpine-pearls-logo.png\" class=\"attachment-full size-full wp-image-137313\" alt=\"\" srcset=\"https:\/\/www.bohinj.si\/wp-content\/uploads\/2025\/01\/alpine-pearls-logo.png 318w, https:\/\/www.bohinj.si\/wp-content\/uploads\/2025\/01\/alpine-pearls-logo-300x149.png 300w, https:\/\/www.bohinj.si\/wp-content\/uploads\/2025\/01\/alpine-pearls-logo-64x32.png 64w\" sizes=\"(max-width: 318px) 100vw, 318px\" \/>\t\t\t\t\t\t\t\t\t\t\t\t\t\t\t<\/div>\n\t\t\t\t\t<\/div>\n\t\t<\/div>\n\t\t\t\t<div class=\"elementor-column elementor-col-66 elementor-inner-column elementor-element elementor-element-7397601e\" data-id=\"7397601e\" data-element_type=\"column\">\n\t\t\t<div class=\"elementor-widget-wrap elementor-element-populated\">\n\t\t\t\t\t\t<div class=\"elementor-element elementor-element-5aadfbe elementor-widget elementor-widget-heading\" data-id=\"5aadfbe\" data-element_type=\"widget\" data-widget_type=\"heading.default\">\n\t\t\t\t\t<h2 class=\"elementor-heading-title elementor-size-default\">Find out more about Alpine Pearls:<\/h2>\t\t\t\t<\/div>\n\t\t\t\t<div class=\"elementor-element elementor-element-54663990 elementor-widget elementor-widget-text-editor\" data-id=\"54663990\" data-element_type=\"widget\" data-widget_type=\"text-editor.default\">\n\t\t\t\t\t\t\t\t\t<ul>\n<li><a href=\"https:\/\/www.bled.si\/mma\/Alpine_Pearls_Predstavitev_SL.pdf\/2023030208524857\/?m=1677743569\" target=\"_blank\" rel=\"noopener\"><span style=\"background-color: transparent; color: var( --e-global-color-text ); font-family: var( --e-global-typography-text-font-family ), Sans-serif; font-weight: var( --e-global-typography-text-font-weight );\">Presentation.pdf<\/span><\/a><\/li>\n<li style=\"font-size: 17px;\"><a href=\"https:\/\/www.bled.si\/mma\/Alpine_Pearls_-_brochure.pdf\/2024040315413382\/?m=1712151693\" target=\"_blank\" rel=\"noopener\">Presentation publication<\/a><\/li>\n<li style=\"font-size: 17px;\"><a href=\"https:\/\/www.alpine-pearls.com\/en\" target=\"_blank\" rel=\"noopener\">Alpine Pearls website <\/a><\/li>\n<\/ul>\n\t\t\t\t\t\t\t\t<\/div>\n\t\t\t\t\t<\/div>\n\t\t<\/div>\n\t\t\t\t\t<\/div>\n\t\t<\/section>\n\t\t\t\t\t<\/div>\n\t\t<\/div>\n\t\t\t\t\t<\/div>\n\t\t<\/section>\n\t\t\t\t<\/div>\n\t\t","protected":false},"excerpt":{"rendered":"<p>Alpine Pearls brings together more than 20 resorts in the Alps committed to promoting environmentally friendly holidays and innovative mobility solutions.<\/p>\n","protected":false},"author":7,"featured_media":74135,"parent":0,"menu_order":0,"comment_status":"closed","ping_status":"closed","template":"","meta":{"_acf_changed":false,"footnotes":""},"class_list":["post-137339","page","type-page","status-publish","has-post-thumbnail","hentry"],"acf":[],"yoast_head":"<!-- This site is optimized with the Yoast SEO plugin v27.5 - https:\/\/yoast.com\/product\/yoast-seo-wordpress\/ -->\n<title>Alpine Pearls - Bohinj - uradna stran destinacije - TNP, Julijske Alpe, Bohinjsko jezero<\/title>\n<meta name=\"description\" content=\"Alpine Pearls brings together resorts in the Alps that are committed to promoting eco-friendly holidays and innovative mobility solutions.\" \/>\n<meta name=\"robots\" content=\"index, follow, max-snippet:-1, max-image-preview:large, max-video-preview:-1\" \/>\n<link rel=\"canonical\" href=\"https:\/\/www.bohinj.si\/en\/alpine-pearls\/\" \/>\n<meta property=\"og:locale\" content=\"en_US\" \/>\n<meta property=\"og:type\" content=\"article\" \/>\n<meta property=\"og:title\" content=\"Alpine Pearls - Bohinj - uradna stran destinacije - TNP, Julijske Alpe, Bohinjsko jezero\" \/>\n<meta property=\"og:description\" content=\"Alpine Pearls brings together resorts in the Alps that are committed to promoting eco-friendly holidays and innovative mobility solutions.\" \/>\n<meta property=\"og:url\" content=\"https:\/\/www.bohinj.si\/en\/alpine-pearls\/\" \/>\n<meta property=\"og:site_name\" content=\"Bohinj - uradna stran destinacije - TNP, Julijske Alpe, Bohinjsko jezero\" \/>\n<meta property=\"article:modified_time\" content=\"2025-01-25T08:56:22+00:00\" \/>\n<meta property=\"og:image\" content=\"https:\/\/www.bohinj.si\/wp-content\/uploads\/2022\/05\/Mojca-Odar-mobilnost-kolo-druzina-2019-077-m-1.jpg\" \/>\n\t<meta property=\"og:image:width\" content=\"1920\" \/>\n\t<meta property=\"og:image:height\" content=\"1000\" \/>\n\t<meta property=\"og:image:type\" content=\"image\/jpeg\" \/>\n<meta name=\"twitter:card\" content=\"summary_large_image\" \/>\n<meta name=\"twitter:label1\" content=\"Est. reading time\" \/>\n\t<meta name=\"twitter:data1\" content=\"4 minutes\" \/>\n<script type=\"application\/ld+json\" class=\"yoast-schema-graph\">{\"@context\":\"https:\\\/\\\/schema.org\",\"@graph\":[{\"@type\":\"WebPage\",\"@id\":\"https:\\\/\\\/www.bohinj.si\\\/en\\\/alpine-pearls\\\/\",\"url\":\"https:\\\/\\\/www.bohinj.si\\\/en\\\/alpine-pearls\\\/\",\"name\":\"Alpine Pearls - Bohinj - uradna stran destinacije - TNP, Julijske Alpe, Bohinjsko jezero\",\"isPartOf\":{\"@id\":\"https:\\\/\\\/www.bohinj.si\\\/en\\\/#website\"},\"primaryImageOfPage\":{\"@id\":\"https:\\\/\\\/www.bohinj.si\\\/en\\\/alpine-pearls\\\/#primaryimage\"},\"image\":{\"@id\":\"https:\\\/\\\/www.bohinj.si\\\/en\\\/alpine-pearls\\\/#primaryimage\"},\"thumbnailUrl\":\"https:\\\/\\\/www.bohinj.si\\\/wp-content\\\/uploads\\\/2022\\\/05\\\/Mojca-Odar-mobilnost-kolo-druzina-2019-077-m-1.jpg\",\"datePublished\":\"2025-01-07T10:19:30+00:00\",\"dateModified\":\"2025-01-25T08:56:22+00:00\",\"description\":\"Alpine Pearls brings together resorts in the Alps that are committed to promoting eco-friendly holidays and innovative mobility solutions.\",\"breadcrumb\":{\"@id\":\"https:\\\/\\\/www.bohinj.si\\\/en\\\/alpine-pearls\\\/#breadcrumb\"},\"inLanguage\":\"en-US\",\"potentialAction\":[{\"@type\":\"ReadAction\",\"target\":[\"https:\\\/\\\/www.bohinj.si\\\/en\\\/alpine-pearls\\\/\"]}]},{\"@type\":\"ImageObject\",\"inLanguage\":\"en-US\",\"@id\":\"https:\\\/\\\/www.bohinj.si\\\/en\\\/alpine-pearls\\\/#primaryimage\",\"url\":\"https:\\\/\\\/www.bohinj.si\\\/wp-content\\\/uploads\\\/2022\\\/05\\\/Mojca-Odar-mobilnost-kolo-druzina-2019-077-m-1.jpg\",\"contentUrl\":\"https:\\\/\\\/www.bohinj.si\\\/wp-content\\\/uploads\\\/2022\\\/05\\\/Mojca-Odar-mobilnost-kolo-druzina-2019-077-m-1.jpg\",\"width\":1920,\"height\":1000},{\"@type\":\"BreadcrumbList\",\"@id\":\"https:\\\/\\\/www.bohinj.si\\\/en\\\/alpine-pearls\\\/#breadcrumb\",\"itemListElement\":[{\"@type\":\"ListItem\",\"position\":1,\"name\":\"Domov\",\"item\":\"https:\\\/\\\/www.bohinj.si\\\/en\\\/bohinj-home\\\/\"},{\"@type\":\"ListItem\",\"position\":2,\"name\":\"Alpine Pearls\"}]},{\"@type\":\"WebSite\",\"@id\":\"https:\\\/\\\/www.bohinj.si\\\/en\\\/#website\",\"url\":\"https:\\\/\\\/www.bohinj.si\\\/en\\\/\",\"name\":\"Bohinj - uradna stran destinacije - TNP, Julijske Alpe, Bohinjsko jezero\",\"description\":\"Bohinj je zelena oaza v osr\u010dju Triglavskega narodnega parka. Idealno izhodi\u0161\u010de za pohodni\u0161tvo, kolesarjenje, ribolov, smu\u010danje, tek na smu\u010deh ...\",\"publisher\":{\"@id\":\"https:\\\/\\\/www.bohinj.si\\\/en\\\/#organization\"},\"potentialAction\":[{\"@type\":\"SearchAction\",\"target\":{\"@type\":\"EntryPoint\",\"urlTemplate\":\"https:\\\/\\\/www.bohinj.si\\\/en\\\/?s={search_term_string}\"},\"query-input\":{\"@type\":\"PropertyValueSpecification\",\"valueRequired\":true,\"valueName\":\"search_term_string\"}}],\"inLanguage\":\"en-US\"},{\"@type\":\"Organization\",\"@id\":\"https:\\\/\\\/www.bohinj.si\\\/en\\\/#organization\",\"name\":\"Bohinj - uradna stran destinacije - TNP, Julijske Alpe, Bohinjsko jezero\",\"url\":\"https:\\\/\\\/www.bohinj.si\\\/en\\\/\",\"logo\":{\"@type\":\"ImageObject\",\"inLanguage\":\"en-US\",\"@id\":\"https:\\\/\\\/www.bohinj.si\\\/en\\\/#\\\/schema\\\/logo\\\/image\\\/\",\"url\":\"https:\\\/\\\/www.bohinj.si\\\/wp-content\\\/uploads\\\/2021\\\/04\\\/bohinj_head_logo_slo.png\",\"contentUrl\":\"https:\\\/\\\/www.bohinj.si\\\/wp-content\\\/uploads\\\/2021\\\/04\\\/bohinj_head_logo_slo.png\",\"width\":295,\"height\":56,\"caption\":\"Bohinj - uradna stran destinacije - TNP, Julijske Alpe, Bohinjsko jezero\"},\"image\":{\"@id\":\"https:\\\/\\\/www.bohinj.si\\\/en\\\/#\\\/schema\\\/logo\\\/image\\\/\"}}]}<\/script>\n<!-- \/ Yoast SEO plugin. -->","yoast_head_json":{"title":"Alpine Pearls - Bohinj - uradna stran destinacije - TNP, Julijske Alpe, Bohinjsko jezero","description":"Alpine Pearls brings together resorts in the Alps that are committed to promoting eco-friendly holidays and innovative mobility solutions.","robots":{"index":"index","follow":"follow","max-snippet":"max-snippet:-1","max-image-preview":"max-image-preview:large","max-video-preview":"max-video-preview:-1"},"canonical":"https:\/\/www.bohinj.si\/en\/alpine-pearls\/","og_locale":"en_US","og_type":"article","og_title":"Alpine Pearls - Bohinj - uradna stran destinacije - TNP, Julijske Alpe, Bohinjsko jezero","og_description":"Alpine Pearls brings together resorts in the Alps that are committed to promoting eco-friendly holidays and innovative mobility solutions.","og_url":"https:\/\/www.bohinj.si\/en\/alpine-pearls\/","og_site_name":"Bohinj - uradna stran destinacije - TNP, Julijske Alpe, Bohinjsko jezero","article_modified_time":"2025-01-25T08:56:22+00:00","og_image":[{"width":1920,"height":1000,"url":"https:\/\/www.bohinj.si\/wp-content\/uploads\/2022\/05\/Mojca-Odar-mobilnost-kolo-druzina-2019-077-m-1.jpg","type":"image\/jpeg"}],"twitter_card":"summary_large_image","twitter_misc":{"Est. reading time":"4 minutes"},"schema":{"@context":"https:\/\/schema.org","@graph":[{"@type":"WebPage","@id":"https:\/\/www.bohinj.si\/en\/alpine-pearls\/","url":"https:\/\/www.bohinj.si\/en\/alpine-pearls\/","name":"Alpine Pearls - Bohinj - uradna stran destinacije - TNP, Julijske Alpe, Bohinjsko jezero","isPartOf":{"@id":"https:\/\/www.bohinj.si\/en\/#website"},"primaryImageOfPage":{"@id":"https:\/\/www.bohinj.si\/en\/alpine-pearls\/#primaryimage"},"image":{"@id":"https:\/\/www.bohinj.si\/en\/alpine-pearls\/#primaryimage"},"thumbnailUrl":"https:\/\/www.bohinj.si\/wp-content\/uploads\/2022\/05\/Mojca-Odar-mobilnost-kolo-druzina-2019-077-m-1.jpg","datePublished":"2025-01-07T10:19:30+00:00","dateModified":"2025-01-25T08:56:22+00:00","description":"Alpine Pearls brings together resorts in the Alps that are committed to promoting eco-friendly holidays and innovative mobility solutions.","breadcrumb":{"@id":"https:\/\/www.bohinj.si\/en\/alpine-pearls\/#breadcrumb"},"inLanguage":"en-US","potentialAction":[{"@type":"ReadAction","target":["https:\/\/www.bohinj.si\/en\/alpine-pearls\/"]}]},{"@type":"ImageObject","inLanguage":"en-US","@id":"https:\/\/www.bohinj.si\/en\/alpine-pearls\/#primaryimage","url":"https:\/\/www.bohinj.si\/wp-content\/uploads\/2022\/05\/Mojca-Odar-mobilnost-kolo-druzina-2019-077-m-1.jpg","contentUrl":"https:\/\/www.bohinj.si\/wp-content\/uploads\/2022\/05\/Mojca-Odar-mobilnost-kolo-druzina-2019-077-m-1.jpg","width":1920,"height":1000},{"@type":"BreadcrumbList","@id":"https:\/\/www.bohinj.si\/en\/alpine-pearls\/#breadcrumb","itemListElement":[{"@type":"ListItem","position":1,"name":"Domov","item":"https:\/\/www.bohinj.si\/en\/bohinj-home\/"},{"@type":"ListItem","position":2,"name":"Alpine Pearls"}]},{"@type":"WebSite","@id":"https:\/\/www.bohinj.si\/en\/#website","url":"https:\/\/www.bohinj.si\/en\/","name":"Bohinj - uradna stran destinacije - TNP, Julijske Alpe, Bohinjsko jezero","description":"Bohinj je zelena oaza v osr\u010dju Triglavskega narodnega parka. Idealno izhodi\u0161\u010de za pohodni\u0161tvo, kolesarjenje, ribolov, smu\u010danje, tek na smu\u010deh ...","publisher":{"@id":"https:\/\/www.bohinj.si\/en\/#organization"},"potentialAction":[{"@type":"SearchAction","target":{"@type":"EntryPoint","urlTemplate":"https:\/\/www.bohinj.si\/en\/?s={search_term_string}"},"query-input":{"@type":"PropertyValueSpecification","valueRequired":true,"valueName":"search_term_string"}}],"inLanguage":"en-US"},{"@type":"Organization","@id":"https:\/\/www.bohinj.si\/en\/#organization","name":"Bohinj - uradna stran destinacije - TNP, Julijske Alpe, Bohinjsko jezero","url":"https:\/\/www.bohinj.si\/en\/","logo":{"@type":"ImageObject","inLanguage":"en-US","@id":"https:\/\/www.bohinj.si\/en\/#\/schema\/logo\/image\/","url":"https:\/\/www.bohinj.si\/wp-content\/uploads\/2021\/04\/bohinj_head_logo_slo.png","contentUrl":"https:\/\/www.bohinj.si\/wp-content\/uploads\/2021\/04\/bohinj_head_logo_slo.png","width":295,"height":56,"caption":"Bohinj - uradna stran destinacije - TNP, Julijske Alpe, Bohinjsko jezero"},"image":{"@id":"https:\/\/www.bohinj.si\/en\/#\/schema\/logo\/image\/"}}]}},"_links":{"self":[{"href":"https:\/\/www.bohinj.si\/en\/wp-json\/wp\/v2\/pages\/137339","targetHints":{"allow":["GET"]}}],"collection":[{"href":"https:\/\/www.bohinj.si\/en\/wp-json\/wp\/v2\/pages"}],"about":[{"href":"https:\/\/www.bohinj.si\/en\/wp-json\/wp\/v2\/types\/page"}],"author":[{"embeddable":true,"href":"https:\/\/www.bohinj.si\/en\/wp-json\/wp\/v2\/users\/7"}],"replies":[{"embeddable":true,"href":"https:\/\/www.bohinj.si\/en\/wp-json\/wp\/v2\/comments?post=137339"}],"version-history":[{"count":0,"href":"https:\/\/www.bohinj.si\/en\/wp-json\/wp\/v2\/pages\/137339\/revisions"}],"wp:featuredmedia":[{"embeddable":true,"href":"https:\/\/www.bohinj.si\/en\/wp-json\/wp\/v2\/media\/74135"}],"wp:attachment":[{"href":"https:\/\/www.bohinj.si\/en\/wp-json\/wp\/v2\/media?parent=137339"}],"curies":[{"name":"wp","href":"https:\/\/api.w.org\/{rel}","templated":true}]}}